{"id":971,"date":"2024-10-30T09:43:58","date_gmt":"2024-10-30T08:43:58","guid":{"rendered":"http:\/\/gasthofzumschluessel.ch\/zimmer\/"},"modified":"2025-08-14T19:55:59","modified_gmt":"2025-08-14T17:55:59","slug":"chambres","status":"publish","type":"page","link":"https:\/\/gasthofzumschluessel.ch\/fr\/chambres\/","title":{"rendered":"Chambres"},"content":{"rendered":"<div class=\"wpb-content-wrapper\"><p>[vc_row full_width=\u00a0\u00bbstretch_row\u00a0\u00bb el_class=\u00a0\u00bbbg-fourth-color pb-0&Prime;][vc_column][vc_row_inner equal_height=\u00a0\u00bbyes\u00a0\u00bb content_placement=\u00a0\u00bbmiddle\u00a0\u00bb][vc_column_inner width=\u00a0\u00bb2\/3&Prime;][vc_column_text css=\u00a0\u00bb\u00a0\u00bb]<\/p>\n<h2><b>Studios &amp; suite<span class=\"Apple-converted-space\">\u00a0<\/span><\/b><\/h2>\n<p>[\/vc_column_text][\/vc_column_inner][vc_column_inner width=\u00a0\u00bb1\/3&Prime;][vc_single_image image=\u00a0\u00bb150&Prime; img_size=\u00a0\u00bbfull\u00a0\u00bb alignment=\u00a0\u00bbright\u00a0\u00bb css=\u00a0\u00bb\u00a0\u00bb][\/vc_column_inner][\/vc_row_inner][vc_row_inner equal_height=\u00a0\u00bbyes\u00a0\u00bb content_placement=\u00a0\u00bbtop\u00a0\u00bb css=\u00a0\u00bb.vc_custom_1730274421496{margin-top: 30px !important;}\u00a0\u00bb][vc_column_inner width=\u00a0\u00bb1\/2&Prime;][vc_single_image image=\u00a0\u00bb728&Prime; img_size=\u00a0\u00bbfull\u00a0\u00bb css=\u00a0\u00bb.vc_custom_1737734697037{margin-bottom: 30px !important;}\u00a0\u00bb][vc_single_image image=\u00a0\u00bb724&Prime; img_size=\u00a0\u00bbfull\u00a0\u00bb css=\u00a0\u00bb.vc_custom_1737734688511{margin-bottom: 30px !important;}\u00a0\u00bb][vc_single_image image=\u00a0\u00bb727&Prime; img_size=\u00a0\u00bbfull\u00a0\u00bb css=\u00a0\u00bb.vc_custom_1737734711087{margin-bottom: 30px !important;}\u00a0\u00bb][vc_single_image image=\u00a0\u00bb723&Prime; img_size=\u00a0\u00bbfull\u00a0\u00bb css=\u00a0\u00bb.vc_custom_1737734723789{margin-bottom: 30px !important;}\u00a0\u00bb][vc_single_image image=\u00a0\u00bb720&Prime; img_size=\u00a0\u00bbfull\u00a0\u00bb css=\u00a0\u00bb.vc_custom_1737734739568{margin-bottom: 30px !important;}\u00a0\u00bb][\/vc_column_inner][vc_column_inner width=\u00a0\u00bb1\/2&Prime;][vc_column_text css=\u00a0\u00bb\u00a0\u00bb]Dormir \u00e0 la campagne, dans un cadre magnifique, pr\u00e8s de la Singine, au-dessus d\u2019une mer de brouillard, la nature \u00e0 l\u2019\u00e9tat pur\u2026 Comme nous essayons de r\u00e9pondre \u00e0 tous les souhaits de nos h\u00f4tes, vous pouvez \u00e9galement passer la nuit ou des vacances chez nous. Nos appartements sont \u00e9quip\u00e9s de tous les conforts et meubl\u00e9s avec le souci du d\u00e9tail.<\/p>\n<p style=\"text-align: center;\"><a class=\"button\" href=\"https:\/\/gasthofzumschluessel.ch\/fr\/reservation-de-chambre\/\">R\u00c9SERVATION DE CHAMBRE<\/a><\/p>\n<p><strong>Siffert Studio, <\/strong>au 1er \u00e9tage (avec ascenseur)<br \/>\nGrand balcon avec vue sur le jardin<br \/>\nPetite kitchenette avec micro-ondes<br \/>\nMachine \u00e0 caf\u00e9 Nespresso<br \/>\nSalle de bain avec grande douche<br \/>\nT\u00e9l\u00e9vision num\u00e9rique &amp; WLAN<br \/>\nChauffage au sol<\/p>\n<p><strong>R\u00f6sslispiel Studio<\/strong>, au 2e \u00e9tage (avec ascenseur), mansard\u00e9<br \/>\nBalcon fran\u00e7ais avec vue sur le jardin<br \/>\nPetite kitchenette avec micro-ondes<br \/>\nMachine \u00e0 caf\u00e9 Nespresso<br \/>\nSalle de bain avec grande douche<br \/>\nT\u00e9l\u00e9vision num\u00e9rique &amp; WLAN<br \/>\nChauffage au sol<\/p>\n<p><strong>Seisler Heimat, <\/strong>suite au 1er \u00e9tage (avec ascenseur)<br \/>\n(\u00e0 partir de 2 nuit\u00e9es)<br \/>\nChambre \u00e0 coucher s\u00e9par\u00e9e avec lit double<br \/>\nSalon avec table \u00e0 manger<br \/>\nSalle de bain avec grande douche<br \/>\nCuisine ouverte et enti\u00e8rement \u00e9quip\u00e9e<br \/>\nLave-vaisselle &amp; machine \u00e0 caf\u00e9 Nespresso<br \/>\nChauffage au sol<br \/>\nT\u00e9l\u00e9vision num\u00e9rique &amp; WLAN<\/p>\n<p><strong>S\u00f9nnsytta Suite<\/strong>, suite au 2e \u00e9tage (avec ascenseur)<br \/>\nChambre \u00e0 coucher s\u00e9par\u00e9e avec lit double<br \/>\nSalon avec canap\u00e9-lit<br \/>\nSalle de bain avec grande douche<br \/>\nCuisine ouverte et enti\u00e8rement \u00e9quip\u00e9e<br \/>\nLave-vaisselle &amp; machine \u00e0 caf\u00e9 Nespresso<br \/>\nChauffage au sol<br \/>\nT\u00e9l\u00e9vision num\u00e9rique &amp; WLAN[\/vc_column_text][\/vc_column_inner][\/vc_row_inner][\/vc_column][\/vc_row][vc_row full_width=\u00a0\u00bbstretch_row\u00a0\u00bb el_class=\u00a0\u00bbmargin-bottom-footer border-bottom-white bg-fourth-color\u00a0\u00bb][vc_column][vc_row_inner][vc_column_inner][vc_single_image image=\u00a0\u00bb1195&Prime; img_size=\u00a0\u00bbfull\u00a0\u00bb alignment=\u00a0\u00bbcenter\u00a0\u00bb css=\u00a0\u00bb\u00a0\u00bb][\/vc_column_inner][\/vc_row_inner][\/vc_column][\/vc_row]<\/p>\n<\/div>","protected":false},"excerpt":{"rendered":"<p>[vc_row full_width=\u00a0\u00bbstretch_row\u00a0\u00bb el_class=\u00a0\u00bbbg-fourth-color pb-0&Prime;][vc_column][vc_row_inner equal_height=\u00a0\u00bbyes\u00a0\u00bb content_placement=\u00a0\u00bbmiddle\u00a0\u00bb][vc_column_inner width=\u00a0\u00bb2\/3&Prime;][vc_column_text css=\u00a0\u00bb\u00a0\u00bb] Studios &amp; suite\u00a0 [\/vc_column_text][\/vc_column_inner][vc_column_inner width=\u00a0\u00bb1\/3&Prime;][vc_single_image image=\u00a0\u00bb150&Prime; img_size=\u00a0\u00bbfull\u00a0\u00bb alignment=\u00a0\u00bbright\u00a0\u00bb css=\u00a0\u00bb\u00a0\u00bb][\/vc_column_inner][\/vc_row_inner][vc_row_inner equal_height=\u00a0\u00bbyes\u00a0\u00bb content_placement=\u00a0\u00bbtop\u00a0\u00bb css=\u00a0\u00bb.vc_custom_1730274421496{margin-top: 30px !important;}\u00a0\u00bb][vc_column_inner width=\u00a0\u00bb1\/2&Prime;][vc_single_image image=\u00a0\u00bb728&Prime; img_size=\u00a0\u00bbfull\u00a0\u00bb css=\u00a0\u00bb.vc_custom_1737734697037{margin-bottom: 30px !important;}\u00a0\u00bb][vc_single_image image=\u00a0\u00bb724&Prime; img_size=\u00a0\u00bbfull\u00a0\u00bb css=\u00a0\u00bb.vc_custom_1737734688511{margin-bottom: 30px !important;}\u00a0\u00bb][vc_single_image image=\u00a0\u00bb727&Prime; img_size=\u00a0\u00bbfull\u00a0\u00bb css=\u00a0\u00bb.vc_custom_1737734711087{margin-bottom: 30px !important;}\u00a0\u00bb][vc_single_image image=\u00a0\u00bb723&Prime; img_size=\u00a0\u00bbfull\u00a0\u00bb css=\u00a0\u00bb.vc_custom_1737734723789{margin-bottom: 30px !important;}\u00a0\u00bb][vc_single_image image=\u00a0\u00bb720&Prime; img_size=\u00a0\u00bbfull\u00a0\u00bb css=\u00a0\u00bb.vc_custom_1737734739568{margin-bottom: 30px !important;}\u00a0\u00bb][\/vc_column_inner][vc_column_inner width=\u00a0\u00bb1\/2&Prime;][vc_column_text css=\u00a0\u00bb\u00a0\u00bb]Dormir \u00e0 la campagne, dans un [&hellip;]<\/p>\n","protected":false},"author":1,"featured_media":0,"parent":0,"menu_order":4,"comment_status":"closed","ping_status":"closed","template":"","meta":{"_acf_changed":false,"inline_featured_image":false,"footnotes":""},"class_list":["post-971","page","type-page","status-publish","hentry"],"acf":[],"_links":{"self":[{"href":"https:\/\/gasthofzumschluessel.ch\/fr\/wp-json\/wp\/v2\/pages\/971","targetHints":{"allow":["GET"]}}],"collection":[{"href":"https:\/\/gasthofzumschluessel.ch\/fr\/wp-json\/wp\/v2\/pages"}],"about":[{"href":"https:\/\/gasthofzumschluessel.ch\/fr\/wp-json\/wp\/v2\/types\/page"}],"author":[{"embeddable":true,"href":"https:\/\/gasthofzumschluessel.ch\/fr\/wp-json\/wp\/v2\/users\/1"}],"replies":[{"embeddable":true,"href":"https:\/\/gasthofzumschluessel.ch\/fr\/wp-json\/wp\/v2\/comments?post=971"}],"version-history":[{"count":5,"href":"https:\/\/gasthofzumschluessel.ch\/fr\/wp-json\/wp\/v2\/pages\/971\/revisions"}],"predecessor-version":[{"id":1377,"href":"https:\/\/gasthofzumschluessel.ch\/fr\/wp-json\/wp\/v2\/pages\/971\/revisions\/1377"}],"wp:attachment":[{"href":"https:\/\/gasthofzumschluessel.ch\/fr\/wp-json\/wp\/v2\/media?parent=971"}],"curies":[{"name":"wp","href":"https:\/\/api.w.org\/{rel}","templated":true}]}}